{"id":2928,"date":"2025-01-15T12:21:29","date_gmt":"2025-01-15T12:21:29","guid":{"rendered":"https:\/\/kamp-triglav.si\/okolica\/"},"modified":"2025-01-31T10:32:26","modified_gmt":"2025-01-31T10:32:26","slug":"umgebung","status":"publish","type":"page","link":"https:\/\/kamp-triglav.si\/de\/umgebung\/","title":{"rendered":"Umgebung"},"content":{"rendered":"\n\t<section class=\"section pt-0\" id=\"section_1128176366\">\n\t\t<div class=\"section-bg fill\" >\n\t\t\t\t\t\t\t\t\t\n\t\t\t\n\n\t\t<\/div>\n\n\t\t\n\n\t\t<div class=\"section-content relative\">\n\t\t\t\n\n  <div class=\"banner has-hover banner\" id=\"banner-660737451\">\n          <div class=\"banner-inner fill\">\n        <div class=\"banner-bg fill\" >\n            <img decoding=\"async\" width=\"1200\" height=\"532\" src=\"https:\/\/kamp-triglav.si\/wp-content\/uploads\/2025\/01\/sedmera-jezera.png\" class=\"bg attachment-original size-original\" alt=\"\" \/>                        <div class=\"overlay\"><\/div>            \n                    <\/div>\n\t\t\n        <div class=\"banner-layers container\">\n            <div class=\"fill banner-link\"><\/div>            \n   <div id=\"text-box-1538220045\" class=\"text-box banner-layer x50 md-x50 lg-x50 y50 md-y50 lg-y50 res-text\">\n                                <div class=\"text-box-content text dark\">\n              \n              <div class=\"text-inner text-center\">\n                  \n              <\/div>\n           <\/div>\n                            \n<style>\n#text-box-1538220045 {\n  width: 60%;\n}\n#text-box-1538220045 .text-box-content {\n  font-size: 100%;\n}\n@media (min-width:550px) {\n  #text-box-1538220045 {\n    width: 60%;\n  }\n}\n<\/style>\n    <\/div>\n \n        <\/div>\n      <\/div>\n\n            \n<style>\n#banner-660737451 {\n  padding-top: 400px;\n}\n#banner-660737451 .overlay {\n  background-color: rgba(0, 0, 0, 0.3);\n}\n#banner-660737451 .banner-bg img {\n  object-position: 13% 0%;\n}\n@media (min-width:550px) {\n  #banner-660737451 {\n    padding-top: 400px;\n  }\n  #banner-660737451 .overlay {\n    background-color: rgba(0, 0, 0, 0.3);\n  }\n}\n@media (min-width:850px) {\n  #banner-660737451 {\n    padding-top: 750px;\n  }\n}\n<\/style>\n  <\/div>\n\n\n\t\t<\/div>\n\n\t\t\n<style>\n#section_1128176366 {\n  padding-top: 30px;\n  padding-bottom: 30px;\n}\n<\/style>\n\t<\/section>\n\t\n\n\t<section class=\"section\" id=\"section_1926766230\">\n\t\t<div class=\"section-bg fill\" >\n\t\t\t\t\t\t\t\t\t\n\t\t\t\n\n\t\t<\/div>\n\n\t\t\n\n\t\t<div class=\"section-content relative\">\n\t\t\t\n<div class=\"row row-large align-middle\"  id=\"row-124939623\">\n\n\t<div id=\"col-1665310120\" class=\"col pb-0 medium-6 small-12 large-6\"  >\n\t\t\t\t<div class=\"col-inner\"  >\n\t\t\t\n\t\t\t\n<h1 class=\"uppercase h2\">UMGEBUNG<\/h1>\n<p>Vom Campingplatz aus gibt es zahlreiche Ausgangspunkte f\u00fcr Wanderwege (So\u010da-Weg, Alpe-Adria-Trail) sowie viele Bergpfade und Gipfel (Prehodavci, Sieben-Seen-Tal, Lepo \u0160pi\u010dje, Doli\u010d, Triglav, Kri\u0161ki podi, Razor, Pihavec, Alm Berebica, Srebrnjak und viele weitere). Es gibt zahlreiche M\u00f6glichkeiten f\u00fcr einen aktiven und unvergesslichen Urlaub: Radfahren durch das Tal, Wanderungen in abgelegene T\u00e4ler wie Zadnjica, die Quelle der So\u010da, Zapouden, Bergsteigen und Alpinismus&#8230;<\/p>\n\t\t<\/div>\n\t\t\t\t\t<\/div>\n\n\t\n\n\t<div id=\"col-126632584\" class=\"col pb-0 medium-6 small-12 large-6\"  >\n\t\t\t\t<div class=\"col-inner\"  >\n\t\t\t\n\t\t\t\n\t<div class=\"img has-hover mb-0 x md-x lg-x y md-y lg-y\" id=\"image_176503550\">\n\t\t\t\t\t\t\t\t<div class=\"img-inner dark\" >\n\t\t\t<img decoding=\"async\" width=\"674\" height=\"404\" src=\"https:\/\/kamp-triglav.si\/wp-content\/uploads\/2025\/01\/image-2-1.png\" class=\"attachment-medium_large size-medium_large\" alt=\"\" srcset=\"https:\/\/kamp-triglav.si\/wp-content\/uploads\/2025\/01\/image-2-1.png 674w, https:\/\/kamp-triglav.si\/wp-content\/uploads\/2025\/01\/image-2-1-300x180.png 300w\" sizes=\"(max-width: 674px) 100vw, 674px\" \/>\t\t\t\t\t\t\n\t\t\t\t\t<\/div>\n\t\t\t\t\t\t\t\t\n<style>\n#image_176503550 {\n  width: 100%;\n}\n<\/style>\n\t<\/div>\n\t\n\t\t<\/div>\n\t\t\t\t\t<\/div>\n\n\t\n<\/div>\n<div class=\"row\"  id=\"row-1870850883\">\n\n\t<div id=\"col-1780647967\" class=\"col pb-0 small-12 large-12\"  >\n\t\t\t\t<div class=\"col-inner\"  >\n\t\t\t\n\t\t\t\n<div class=\"text-center\"><div class=\"is-divider divider clearfix\" style=\"margin-top:1.5em;margin-bottom:1.5em;max-width:100%;height:1px;background-color:rgb(44, 44, 44);\"><\/div><\/div>\n\t\t<\/div>\n\t\t\t\t\t<\/div>\n\n\t\n<\/div>\n<div class=\"row row-large\"  id=\"row-55596645\">\n\n\t<div id=\"col-512506189\" class=\"col pb-0 medium-6 small-12 large-6\"  >\n\t\t\t\t<div class=\"col-inner\"  >\n\t\t\t\n\t\t\t\n\t<div class=\"img has-hover x md-x lg-x y md-y lg-y\" id=\"image_1852597987\">\n\t\t\t\t\t\t\t\t<div class=\"img-inner dark\" >\n\t\t\t<img decoding=\"async\" width=\"674\" height=\"404\" src=\"https:\/\/kamp-triglav.si\/wp-content\/uploads\/2025\/01\/trenta-1.png\" class=\"attachment-medium_large size-medium_large\" alt=\"\" srcset=\"https:\/\/kamp-triglav.si\/wp-content\/uploads\/2025\/01\/trenta-1.png 674w, https:\/\/kamp-triglav.si\/wp-content\/uploads\/2025\/01\/trenta-1-300x180.png 300w\" sizes=\"(max-width: 674px) 100vw, 674px\" \/>\t\t\t\t\t\t\n\t\t\t\t\t<\/div>\n\t\t\t\t\t\t\t\t\n<style>\n#image_1852597987 {\n  width: 100%;\n}\n<\/style>\n\t<\/div>\n\t\n<h3>Trenta<\/h3>\n<p>In Trenta finden Sie alles, was Ihnen heute oft fehlt. Spazieren Sie entlang der So\u010da, wandern Sie auf steilen Pfaden, beobachten Sie Wildtiere in den Bergen, genie\u00dfen Sie die Almwiesen, kosten Sie lokale Spezialit\u00e4ten oder verbringen Sie eine angenehme Augustnacht unter den Sternen.<\/p>\n<a href=\"\/de\/Umgebung\/trenta\/\" class=\"button primary is-outline\" >\n\t\t<span>MEHR<\/span>\n\t<\/a>\n\n\t\t<\/div>\n\t\t\t\t\t<\/div>\n\n\t\n\n\t<div id=\"col-209108589\" class=\"col pb-0 medium-6 small-12 large-6\"  >\n\t\t\t\t<div class=\"col-inner\"  >\n\t\t\t\n\t\t\t\n\t<div class=\"img has-hover x md-x lg-x y md-y lg-y\" id=\"image_927725449\">\n\t\t\t\t\t\t\t\t<div class=\"img-inner dark\" >\n\t\t\t<img decoding=\"async\" width=\"674\" height=\"404\" src=\"https:\/\/kamp-triglav.si\/wp-content\/uploads\/2025\/01\/image-1-1.png\" class=\"attachment-medium_large size-medium_large\" alt=\"\" srcset=\"https:\/\/kamp-triglav.si\/wp-content\/uploads\/2025\/01\/image-1-1.png 674w, https:\/\/kamp-triglav.si\/wp-content\/uploads\/2025\/01\/image-1-1-300x180.png 300w\" sizes=\"(max-width: 674px) 100vw, 674px\" \/>\t\t\t\t\t\t\n\t\t\t\t\t<\/div>\n\t\t\t\t\t\t\t\t\n<style>\n#image_927725449 {\n  width: 100%;\n}\n<\/style>\n\t<\/div>\n\t\n<h3>Triglav Nationalpark<\/h3>\n<p>Der Triglav Nationalpark ist einer der gr\u00f6\u00dften Nationalparks in Europa. Inmitten seiner beeindruckenden Berglandschaft ragt der Triglav besonders hervor \u2013 der h\u00f6chste Gipfel Sloweniens.<\/p>\n<a href=\"\/de\/umgebung\/triglav-nationalpark\/\" class=\"button primary is-outline\" >\n\t\t<span>MEHR<\/span>\n\t<\/a>\n\n\t\t<\/div>\n\t\t\t\t\t<\/div>\n\n\t\n<\/div>\n<div class=\"row row-collapse\"  id=\"row-549094364\">\n\n\t<div id=\"col-1605984471\" class=\"col small-12 large-12\"  >\n\t\t\t\t<div class=\"col-inner\"  >\n\t\t\t\n\t\t\t\n<div class=\"text-center\"><div class=\"is-divider divider clearfix\" style=\"max-width:100%;height:1px;background-color:rgba(44, 44, 153, 0.184);\"><\/div><\/div>\n\t\t<\/div>\n\t\t\t\t\t<\/div>\n\n\t\n<\/div>\n\t\t<\/div>\n\n\t\t\n<style>\n#section_1926766230 {\n  padding-top: 10px;\n  padding-bottom: 10px;\n}\n@media (min-width:550px) {\n  #section_1926766230 {\n    padding-top: 30px;\n    padding-bottom: 30px;\n  }\n}\n<\/style>\n\t<\/section>\n\t\n\n\t<section class=\"section\" id=\"section_432879172\">\n\t\t<div class=\"section-bg fill\" >\n\t\t\t\t\t\t\t\t\t\n\t\t\t\n\n\t\t<\/div>\n\n\t\t\n\n\t\t<div class=\"section-content relative\">\n\t\t\t\n\t<div id=\"text-175907555\" class=\"text pb-half divider\">\n\t\t\n<h1 class=\"uppercase h2\"><span class=\"font-light\">Warum<\/span> den Camp Triglav besuchen<\/h1>\n\t\t\n<style>\n#text-175907555 {\n  text-align: center;\n}\n<\/style>\n\t<\/div>\n\t\n<div class=\"row row-large align-center row-divided icon-row\"  id=\"row-2021549376\">\n\n\t<div id=\"col-273550488\" class=\"col medium-4 small-12 large-4\"  >\n\t\t\t\t<div class=\"col-inner\"  >\n\t\t\t\n\t\t\t\n\n\t\t<div class=\"icon-box featured-box icon-box-top text-left\"  >\n\t\t\t\t<div class=\"icon-box-text last-reset\">\n\t\t\t\t\t\t\t\t\t\n\t<div id=\"text-2752600799\" class=\"text\">\n\t\t\n<p class=\"mb-0\"><span class=\"h3\"><span class=\"h3\">Unschlagbare Lage<\/span><\/p>\n<p>Der Campingplatz befindet sich im wundersch\u00f6nen Trenta-Tal, direkt an der So\u010da und umgeben vom Triglav-Nationalpark. Genie\u00dfen Sie atemberaubende Ausblicke auf die Julischen Alpen sowie zahlreiche Wander- und Radwege.<\/p>\n\t\t\n<style>\n#text-2752600799 {\n  text-align: center;\n}\n@media (min-width:550px) {\n  #text-2752600799 {\n    text-align: left;\n  }\n}\n<\/style>\n\t<\/div>\n\t\n\t\t<\/div>\n\t<\/div>\n\t\n\t\n\t\t<\/div>\n\t\t\t\t\t<\/div>\n\n\t\n\n\t<div id=\"col-1008164079\" class=\"col medium-4 small-12 large-4\"  >\n\t\t\t\t<div class=\"col-inner\"  >\n\t\t\t\n\t\t\t\n\n\t\t<div class=\"icon-box featured-box icon-box-top text-left\"  >\n\t\t\t\t<div class=\"icon-box-text last-reset\">\n\t\t\t\t\t\t\t\t\t\n\t<div id=\"text-339487390\" class=\"text divider\">\n\t\t\n<p class=\"mb-0\"><span class=\"h3\"><span class=\"h3\">Echter Kontakt mit der Natur<\/span><\/p>\n<p>Der Campingplatz bietet einen erholsamen Aufenthalt inmitten der Natur und ist ein idealer Ausgangspunkt f\u00fcr Besichtigungen von Sehensw\u00fcrdigkeiten wie dem Triglav-Nationalpark und der So\u010da-Schlucht. Zudem liegt er in der N\u00e4he von Wanderwegen, die zum Triglav und anderen Gipfeln f\u00fchren.<\/p>\n\t\t\n<style>\n#text-339487390 {\n  text-align: center;\n}\n@media (min-width:550px) {\n  #text-339487390 {\n    text-align: left;\n  }\n}\n<\/style>\n\t<\/div>\n\t\n\t\t<\/div>\n\t<\/div>\n\t\n\t\n\t\t<\/div>\n\t\t\t\t\t<\/div>\n\n\t\n\n\t<div id=\"col-1878454821\" class=\"col medium-4 small-12 large-4\"  >\n\t\t\t\t<div class=\"col-inner\"  >\n\t\t\t\n\t\t\t\n\n\t\t<div class=\"icon-box featured-box icon-box-top text-left\"  >\n\t\t\t\t<div class=\"icon-box-text last-reset\">\n\t\t\t\t\t\t\t\t\t\n\t<div id=\"text-1267816341\" class=\"text divider\">\n\t\t\n<p class=\"mb-0\"><span class=\"h3\"><span class=\"h3\">Wundervolle Aussicht<\/span><\/p>\n<p>Das Trenta-Tal ist bekannt f\u00fcr seine spektakul\u00e4ren Ausblicke, kristallklaren Gew\u00e4sser und malerischen Berggipfel \u2013 perfekt f\u00fcr Fotografie-Enthusiasten und Naturliebhaber.<\/p>\n\t\t\n<style>\n#text-1267816341 {\n  text-align: center;\n}\n@media (min-width:550px) {\n  #text-1267816341 {\n    text-align: left;\n  }\n}\n<\/style>\n\t<\/div>\n\t\n\t\t<\/div>\n\t<\/div>\n\t\n\t\n\t\t<\/div>\n\t\t\t\t\t<\/div>\n\n\t\n<\/div>\n\t\t<\/div>\n\n\t\t\n<style>\n#section_432879172 {\n  padding-top: 30px;\n  padding-bottom: 30px;\n}\n<\/style>\n\t<\/section>\n\t\n\n\t<section class=\"section reservation-section\" id=\"section_481674298\">\n\t\t<div class=\"section-bg fill\" >\n\t\t\t\t\t\t\t\t\t\n\t\t\t\n\n\t\t<\/div>\n\n\t\t\n\n\t\t<div class=\"section-content relative\">\n\t\t\t\n\n<div class=\"row row-small align-equal\"  id=\"row-795821296\">\n\n\n\t<div id=\"col-1455680387\" class=\"col medium-6 small-12 large-6\"  >\n\t\t\t\t<div class=\"col-inner\"  >\n\t\t\t\n\t\t\t\n\n\t<div class=\"img has-hover mb-0 x md-x lg-x y md-y lg-y\" id=\"image_113226348\">\n\t\t\t\t\t\t\t\t<div class=\"img-inner dark\" >\n\t\t\t<img decoding=\"async\" width=\"768\" height=\"512\" src=\"https:\/\/kamp-triglav.si\/wp-content\/uploads\/2025\/01\/DSC01688-1-768x512.jpg\" class=\"attachment-medium_large size-medium_large\" alt=\"\" srcset=\"https:\/\/kamp-triglav.si\/wp-content\/uploads\/2025\/01\/DSC01688-1-768x512.jpg 768w, https:\/\/kamp-triglav.si\/wp-content\/uploads\/2025\/01\/DSC01688-1-300x200.jpg 300w, https:\/\/kamp-triglav.si\/wp-content\/uploads\/2025\/01\/DSC01688-1-1024x683.jpg 1024w, https:\/\/kamp-triglav.si\/wp-content\/uploads\/2025\/01\/DSC01688-1-1536x1024.jpg 1536w, https:\/\/kamp-triglav.si\/wp-content\/uploads\/2025\/01\/DSC01688-1-2048x1365.jpg 2048w\" sizes=\"(max-width: 768px) 100vw, 768px\" \/>\t\t\t\t\t\t\n\t\t\t\t\t<\/div>\n\t\t\t\t\t\t\t\t\n<style>\n#image_113226348 {\n  width: 100%;\n}\n<\/style>\n\t<\/div>\n\t\n\n\n\t\t<\/div>\n\t\t\t\t\t<\/div>\n\n\t\n\n\t<div id=\"col-914578900\" class=\"col reservation-column medium-6 small-12 large-6 small-col-first\"  >\n\t\t\t\t<div class=\"col-inner\" style=\"background-color:rgb(244, 244, 244);\" >\n\t\t\t\n\t\t\t\n\n<h2 class=\"h3\">Buchen Sie<\/h2>\r\n<p>Erleben Sie einen einzigartigen Urlaub inmitten der Natur im Herzen von Trenta. Entdecken Sie die Ruhe der Berge, genie\u00dfen Sie Abenteuer im Freien und schaffen Sie bleibende Erinnerungen. Sichern Sie sich Ihren Platz auf unserem Campingplatz oder w\u00e4hlen Sie den Komfort eines Apartments, wo Entspannung und Natur auf Sie warten.<\/p>\n\n\n<a href=\"https:\/\/booking.kamp-triglav.si\/de\/buchen\" class=\"button secondary\"><span>Buchen<\/span><\/a>\n\n\n\t\t<\/div>\n\t\t\t\t\n<style>\n#col-914578900 > .col-inner {\n  padding: 5% 5% 5% 5%;\n}\n@media (min-width:550px) {\n  #col-914578900 > .col-inner {\n    padding: 13% 10% 10% 10%;\n  }\n}\n<\/style>\n\t<\/div>\n\n\t\n\n<\/div>\n\n\t\t<\/div>\n\n\t\t\n<style>\n#section_481674298 {\n  padding-top: 30px;\n  padding-bottom: 30px;\n}\n<\/style>\n\t<\/section>\n\t\n","protected":false},"excerpt":{"rendered":"","protected":false},"author":1,"featured_media":0,"parent":0,"menu_order":0,"comment_status":"closed","ping_status":"closed","template":"page-templates\/page-surroundings.php","meta":{"_acf_changed":false,"footnotes":""},"class_list":["post-2928","page","type-page","status-publish","hentry"],"acf":[],"_links":{"self":[{"href":"https:\/\/kamp-triglav.si\/de\/wp-json\/wp\/v2\/pages\/2928","targetHints":{"allow":["GET"]}}],"collection":[{"href":"https:\/\/kamp-triglav.si\/de\/wp-json\/wp\/v2\/pages"}],"about":[{"href":"https:\/\/kamp-triglav.si\/de\/wp-json\/wp\/v2\/types\/page"}],"author":[{"embeddable":true,"href":"https:\/\/kamp-triglav.si\/de\/wp-json\/wp\/v2\/users\/1"}],"replies":[{"embeddable":true,"href":"https:\/\/kamp-triglav.si\/de\/wp-json\/wp\/v2\/comments?post=2928"}],"version-history":[{"count":0,"href":"https:\/\/kamp-triglav.si\/de\/wp-json\/wp\/v2\/pages\/2928\/revisions"}],"wp:attachment":[{"href":"https:\/\/kamp-triglav.si\/de\/wp-json\/wp\/v2\/media?parent=2928"}],"curies":[{"name":"wp","href":"https:\/\/api.w.org\/{rel}","templated":true}]}}